{"id":308,"date":"2023-07-07T11:19:18","date_gmt":"2023-07-07T09:19:18","guid":{"rendered":"https:\/\/www.u-picardie.fr\/colloqueobjet2019\/?page_id=308"},"modified":"2023-10-19T15:54:59","modified_gmt":"2023-10-19T13:54:59","slug":"table-ronde","status":"publish","type":"page","link":"https:\/\/www.u-picardie.fr\/colloqueobjet2019\/conferences\/table-ronde\/","title":{"rendered":"Table ronde"},"content":{"rendered":"\n<p>La table ronde a \u00e9t\u00e9 anim\u00e9e par Roselyne Le Bourgeois, Ma\u00eetresse de conf\u00e9rences honoraire en histoire, \u00e0 laquelle ont particip\u00e9 :<\/p>\n\n\n\n<ul>\n<li>Anne-Laure Le Guern, Ma\u00eetresse de conf\u00e9rences en sciences de l\u2019\u00e9ducation et de la formation, analyse du travail ;<\/li>\n<\/ul>\n\n\n\n<ul>\n<li>Micka\u00ebl Le Mentec, Ma\u00eetre de conf\u00e9rence en sciences de l\u2019\u00e9ducation, usages du num\u00e9rique en \u00e9ducation ;<\/li>\n<\/ul>\n\n\n\n<ul>\n<li>Jean-Fran\u00e7ois Th\u00e9mines, Professeur des universit\u00e9s en g\u00e9ographie, g\u00e9ographie et didactique de la g\u00e9ographie ;<\/li>\n<\/ul>\n\n\n\n<ul>\n<li>Abdelkarim ZaId, Professeur des Universit\u00e9s en sciences de l\u2019\u00e9ducation, didactique de la technologie.<\/li>\n<\/ul>\n\n\n\n<p>Les participants ont \u00e9t\u00e9 invit\u00e9 \u00e0 r\u00e9agir aux questions suivantes :<\/p>\n\n\n\n<ul>\n<li>Question 1 &#8211; Quelle place occupent les objets dans vos recherches ? Pourquoi des objets ? Lesquels en particulier ? <\/li>\n<\/ul>\n\n\n\n<ul>\n<li>Question 2 &#8211; Pouvez-vous pr\u00e9senter un \u00e9l\u00e9ment de corpus (m\u00e9thodes de recueil de l\u2019empirique, r\u00e9f\u00e9rences, etc.) renvoyant \u00e0 ces recherches et votre d\u00e9marche ? Quelles relations avec les enseignants praticiens ? En recherche collaborative ou non ?<\/li>\n<\/ul>\n\n\n\n<ul>\n<li>Question 3 &#8211; Quelles perspectives cela ouvre-t-il dans vos projets de recherches ?<\/li>\n<\/ul>\n","protected":false},"excerpt":{"rendered":"<p>La table ronde a \u00e9t\u00e9 anim\u00e9e par Roselyne Le Bourgeois, Ma\u00eetresse de conf\u00e9rences honoraire en histoire, \u00e0 laquelle ont particip\u00e9 : Les participants ont \u00e9t\u00e9 invit\u00e9 \u00e0 r\u00e9agir aux questions&#8230; <a href=\"https:\/\/www.u-picardie.fr\/colloqueobjet2019\/conferences\/table-ronde\/\">Read more &raquo;<\/a><\/p>\n","protected":false},"author":3,"featured_media":0,"parent":19,"menu_order":0,"comment_status":"closed","ping_status":"closed","template":"","meta":{"_editorskit_title_hidden":false,"_editorskit_reading_time":0,"_editorskit_is_block_options_detached":false,"_editorskit_block_options_position":"{}","footnotes":""},"_links":{"self":[{"href":"https:\/\/www.u-picardie.fr\/colloqueobjet2019\/wp-json\/wp\/v2\/pages\/308"}],"collection":[{"href":"https:\/\/www.u-picardie.fr\/colloqueobjet2019\/wp-json\/wp\/v2\/pages"}],"about":[{"href":"https:\/\/www.u-picardie.fr\/colloqueobjet2019\/wp-json\/wp\/v2\/types\/page"}],"author":[{"embeddable":true,"href":"https:\/\/www.u-picardie.fr\/colloqueobjet2019\/wp-json\/wp\/v2\/users\/3"}],"replies":[{"embeddable":true,"href":"https:\/\/www.u-picardie.fr\/colloqueobjet2019\/wp-json\/wp\/v2\/comments?post=308"}],"version-history":[{"count":2,"href":"https:\/\/www.u-picardie.fr\/colloqueobjet2019\/wp-json\/wp\/v2\/pages\/308\/revisions"}],"predecessor-version":[{"id":311,"href":"https:\/\/www.u-picardie.fr\/colloqueobjet2019\/wp-json\/wp\/v2\/pages\/308\/revisions\/311"}],"up":[{"embeddable":true,"href":"https:\/\/www.u-picardie.fr\/colloqueobjet2019\/wp-json\/wp\/v2\/pages\/19"}],"wp:attachment":[{"href":"https:\/\/www.u-picardie.fr\/colloqueobjet2019\/wp-json\/wp\/v2\/media?parent=308"}],"curies":[{"name":"wp","href":"https:\/\/api.w.org\/{rel}","templated":true}]}}