{"id":158,"date":"2022-09-07T12:15:52","date_gmt":"2022-09-07T10:15:52","guid":{"rendered":"https:\/\/www.u-picardie.fr\/colloqueobjet2019\/?page_id=158"},"modified":"2023-10-19T15:54:43","modified_gmt":"2023-10-19T13:54:43","slug":"conference-de-laurent-tremel","status":"publish","type":"page","link":"https:\/\/www.u-picardie.fr\/colloqueobjet2019\/conferences\/conference-de-laurent-tremel\/","title":{"rendered":"Conf\u00e9rence de Laurent Tr\u00e9mel"},"content":{"rendered":"\n<p><strong>Les collections du Mus\u00e9e national de l\u2019\u00c9ducation (MNUA\u00c9) : des corpus d\u2019objets au service de la recherche<\/strong><\/p>\n\n\n\n<p>Laurent Tr\u00e9mel, ing\u00e9nieur de recherche, charg\u00e9 de mission au Mus\u00e9e National de l\u2019\u00c9ducation, associ\u00e9 au laboratoire CIRNEF de l\u2019Universit\u00e9 de Rouen, expose l\u2019historique du Mus\u00e9e et de ses collections, son fonctionnement. Il pr\u00e9sente ensuite quelques objets issus du mus\u00e9e, les probl\u00e9matisent et les mets en relation avec des questions \u00e9ducatives pass\u00e9es et actuelles.<\/p>\n\n\n\n<p><span style=\"text-decoration: underline;\" class=\"ek-underline\">Adresse<\/span> : Mus\u00e9e national de l\u2019\u00c9ducation. 6 rue de Bihorel, 76000 ROUEN<\/p>\n\n\n\n<p><span style=\"text-decoration: underline;\" class=\"ek-underline\">Email<\/span> : laurent.tremel@reseau-canope.fr<\/p>\n\n\n\n<p><span style=\"text-decoration: underline;\" class=\"ek-underline\">Site<\/span> : <a href=\"https:\/\/www.reseau-canope.fr\/musee\/\" class=\"ek-link\">Le Mus\u00e9e national de l&rsquo;\u00c9ducation<\/a><\/p>\n\n\n<p><iframe loading=\"lazy\" src=\"https:\/\/webtv.u-picardie.fr\/player\/embed_player.php?vid=DXD461D9BG2Y&amp;width=540&amp;height=304&amp;autoplay=yes\" allowfullscreen=\"\" width=\"540\" height=\"304\" frameborder=\"0\"><\/iframe><\/p>\n","protected":false},"excerpt":{"rendered":"<p>Les collections du Mus\u00e9e national de l\u2019\u00c9ducation (MNUA\u00c9) : des corpus d\u2019objets au service de la recherche Laurent Tr\u00e9mel, ing\u00e9nieur de recherche, charg\u00e9 de mission au Mus\u00e9e National de l\u2019\u00c9ducation,&#8230; <a href=\"https:\/\/www.u-picardie.fr\/colloqueobjet2019\/conferences\/conference-de-laurent-tremel\/\">Read more &raquo;<\/a><\/p>\n","protected":false},"author":3,"featured_media":0,"parent":19,"menu_order":0,"comment_status":"closed","ping_status":"closed","template":"","meta":{"_editorskit_title_hidden":false,"_editorskit_reading_time":1,"_editorskit_is_block_options_detached":false,"_editorskit_block_options_position":"{}","footnotes":""},"_links":{"self":[{"href":"https:\/\/www.u-picardie.fr\/colloqueobjet2019\/wp-json\/wp\/v2\/pages\/158"}],"collection":[{"href":"https:\/\/www.u-picardie.fr\/colloqueobjet2019\/wp-json\/wp\/v2\/pages"}],"about":[{"href":"https:\/\/www.u-picardie.fr\/colloqueobjet2019\/wp-json\/wp\/v2\/types\/page"}],"author":[{"embeddable":true,"href":"https:\/\/www.u-picardie.fr\/colloqueobjet2019\/wp-json\/wp\/v2\/users\/3"}],"replies":[{"embeddable":true,"href":"https:\/\/www.u-picardie.fr\/colloqueobjet2019\/wp-json\/wp\/v2\/comments?post=158"}],"version-history":[{"count":6,"href":"https:\/\/www.u-picardie.fr\/colloqueobjet2019\/wp-json\/wp\/v2\/pages\/158\/revisions"}],"predecessor-version":[{"id":317,"href":"https:\/\/www.u-picardie.fr\/colloqueobjet2019\/wp-json\/wp\/v2\/pages\/158\/revisions\/317"}],"up":[{"embeddable":true,"href":"https:\/\/www.u-picardie.fr\/colloqueobjet2019\/wp-json\/wp\/v2\/pages\/19"}],"wp:attachment":[{"href":"https:\/\/www.u-picardie.fr\/colloqueobjet2019\/wp-json\/wp\/v2\/media?parent=158"}],"curies":[{"name":"wp","href":"https:\/\/api.w.org\/{rel}","templated":true}]}}