{"id":139,"date":"2022-09-07T11:42:33","date_gmt":"2022-09-07T09:42:33","guid":{"rendered":"https:\/\/www.u-picardie.fr\/colloqueobjet2019\/?page_id=139"},"modified":"2024-01-24T17:58:34","modified_gmt":"2024-01-24T16:58:34","slug":"atelier-f-objets-et-traces-de-lactivite","status":"publish","type":"page","link":"https:\/\/www.u-picardie.fr\/colloqueobjet2019\/ateliers\/atelier-f-objets-et-traces-de-lactivite\/","title":{"rendered":"Atelier F : Objets et traces de l&rsquo;activit\u00e9"},"content":{"rendered":"\n<p>L\u2019atelier est centr\u00e9 sur les traces engendr\u00e9es par les activit\u00e9s men\u00e9es en classe. Traces comme objet d\u2019apprentissage et comme outils de r\u00e9gulation pour l\u2019enseignant. Quels choix pour l\u2019enseignant ? Quels apports pour les apprenants ? Quels retours sur les apprentissages ?<\/p>\n\n\n\n<p>Voici ci-dessous les r\u00e9sum\u00e9s, enregistrements vid\u00e9o ou diaporama des communications de l&rsquo;atelier.<\/p>\n\n\n\n<p><strong>F1 &#8211; <em>Le cahier d\u2019atelier pour faciliter l\u2019appropriation du cahier des charges<\/em><\/strong> &#8211; Guillaume Massy, Haute \u00e9cole de p\u00e9dagogie du canton de Vaud.<\/p>\n\n\n\n<p>Cette communication a comme double objectif de pr\u00e9senter la double fonction d\u2019un outil p\u00e9dagogique (le cahier d\u2019atelier) mis en place lors d\u2019une s\u00e9quence en activit\u00e9s cr\u00e9atrices et manuelles (AC&amp;M) et de montrer les r\u00e9sultats de son appropriation par l\u2019activit\u00e9 r\u00e9elle des \u00e9l\u00e8ves.<\/p>\n\n\n\n<p>Contexte Suisse<\/p>\n\n\n\n<p>En Suisse Romande, l\u2019enseignement des activit\u00e9s cr\u00e9atrices et manuelles (ACM) inclut la conception d\u2019objets mat\u00e9riels comme objectif d\u2019apprentissage. Les professionnels de cette discipline d\u2019enseignement peuvent compter sur le mod\u00e8le CRS (conception-r\u00e9alisation-socialisation) (Didier &amp; Leuba, 2011) qui permet d\u2019amener les \u00e9l\u00e8ves \u00e0 anticiper la socialisation de l\u2019objet mat\u00e9riel au moment de sa conception. C\u2019est dans ce nouveau contexte qu\u2019a \u00e9t\u00e9 pens\u00e9 un nouvel outil p\u00e9dagogique, le cahier d\u2019atelier, qui favorise la conception et l\u2019anticipation de la socialisation de l\u2019artefact (objet technique) tout au long du processus de production de l\u2019objet technique par les \u00e9l\u00e8ves.<\/p>\n\n\n\n<p>Objectif de la recherche pr\u00e9sent\u00e9e<\/p>\n\n\n\n<p>Cette communication a pour objectif de pr\u00e9senter l\u2019\u00e9valuation de l\u2019appropriation d\u2019un artefact soutenant l\u2019apprentissage de la conception en activit\u00e9s cr\u00e9atrices et manuelles (AC&amp;M). Le cahier d\u2019atelier est le r\u00e9sultat de la fusion d\u2019un cahier des charges avec un cahier de laboratoire. Sa gen\u00e8se ainsi que son impl\u00e9mentation au sein d\u2019une classe en Suisse francophone, fait \u00e9cho \u00e0 la volont\u00e9 des activit\u00e9s cr\u00e9atrices et manuelles (AC&amp;M) de renforcer l\u2019apprentissage de la conception par, notamment, la mise en place d\u2019une d\u00e9marche d\u2019investigations compos\u00e9e de phases de r\u00e9flexion, d\u2019\u00e9mission d\u2019hypoth\u00e8ses et de confrontation de celles-ci lors d\u2019un moment d\u2019exp\u00e9rimentation. L\u2019\u00e9valuation de l\u2019impl\u00e9mentation du cahier d\u2019atelier s\u2019est faite par une \u00e9tude de cas portant sur l\u2019activit\u00e9 de 9 \u00e9l\u00e8ves \u00e2g\u00e9s de 9 \u00e0 10 ans (Massy, 2017) lors d\u2019un projet de cr\u00e9ation et de r\u00e9alisation d\u2019un h\u00f4tel \u00e0 insectes. Le concept central de cette recherche \u00e9tant l\u2019appropriation, nous prenons appui sur deux th\u00e9ories que sont la th\u00e9orie de la gen\u00e8se instrumentale (Rabardel, 1995) et la th\u00e9orie \u00e9nactive de l\u2019appropriation (Theureau, 2006, 2011). En synth\u00e8se, cette recherche a permis d\u2019une part de rendre visible le processus d\u2019appropriation du cahier d\u2019atelier par les \u00e9l\u00e8ves tout en identifiant d\u2019autre part les liens de compl\u00e9mentarit\u00e9 entre ses deux composantes que sont le cahier des charges et le cahier de laboratoire.<\/p>\n\n\n\n<p>Hypoth\u00e8se de conception de l\u2019outil<\/p>\n\n\n\n<p>Au d\u00e9but de cette recherche, nous avions fait l\u2019hypoth\u00e8se que l\u2019implantation de ce cahier d\u2019atelier dans cet enseignement permet d\u2019une part d\u2019\u00e9tayer l\u2019anticipation des \u00e9l\u00e8ves en soutenant l\u2019appropriation du mod\u00e8le CRS en explicitant et articulant des indices de diagnostique et d\u2019action structurant un concept pragmatique (Vidal-Gomel &amp; Rogalski, 2007) \u2013 suppos\u00e9 \u2013 li\u00e9 \u00e0 l\u2019anticipation. D\u2019autre part, le cahier d\u2019atelier renforce la consensualit\u00e9 et visibilit\u00e9 de l\u2019\u00e9valuation des apprentissages entre l\u2019enseignant et les \u00e9l\u00e8ves. Pour finir, il offre un espace de formalisation exp\u00e9rientielle des apprentissages \u00e0 des fins de r\u00e9utilisation\/r\u00e9investissement dans d\u2019autres projets. En d\u2019autres termes, la fusion de ces deux outils permettrait un processus d\u2019\u00e9tayage (par le cahier des charges) et de d\u00e9s-\u00e9tayage (par le cahier de laboratoire) en favorisant un processus de secondarisation (Bautier &amp; Goigoux, 2004) de\/des l\u2019objet\/s d\u2019apprentissage. En effet, au fil de l\u2019appropriation du cahier des charges, l\u2019\u00e9l\u00e8ve ne va plus devoir simplement le compl\u00e9ter, mais le recr\u00e9er en fonction de son projet.<\/p>\n\n\n\n<p>M\u00e9thode<\/p>\n\n\n\n<p>Afin de r\u00e9colter des traces de l\u2019activit\u00e9 de l\u2019\u00e9l\u00e8ve, nous leur avons fait passer un entretien de remise en situation dynamique dans les 6 jours qui ont suivi les le\u00e7ons d\u2019AC&amp;M. Lors de ces entretiens, l\u2019\u00e9l\u00e8ve se replonge dans des extraits de vid\u00e9os des le\u00e7ons d\u2019AC&amp;M qu\u2019il a v\u00e9cus et verbalise son activit\u00e9 effective, instant apr\u00e8s instant. Les entretiens ont ensuite \u00e9t\u00e9 retranscrits dans leur totalit\u00e9 dans un tableau \u00e0 deux volets \u00e0 l\u2019aide du logiciel SIDE-CAR (Perrin, Theureau, Menu &amp; Durand, 2011). Le chercheur a ensuite identifi\u00e9 et organis\u00e9 les unit\u00e9s d\u2019activit\u00e9 pr\u00e9sentes, prioritairement \u00e0 partir du verbatim des remises en situations dynamiques, et secondairement en s\u2019appuyant sur les traces de l\u2019activit\u00e9, notamment du cahier de laboratoire, ainsi que des comportements visibles sur la vid\u00e9o. Les r\u00e9sultats r\u00e9colt\u00e9s ont permis d\u2019analyser, dans une certaine mesure, l\u2019activit\u00e9 d\u2019appropriation de l\u2019\u00e9l\u00e8ve lors de l\u2019utilisation du cahier d\u2019atelier.<\/p>\n\n\n\n<p>R\u00e9sultats<\/p>\n\n\n\n<p>Les r\u00e9sultats de la recherche pr\u00e9sent\u00e9e (Massy, 2017) sugg\u00e8rent que d\u00e8s les premi\u00e8res utilisations de cet outil p\u00e9dagogique, l\u2019\u00e9l\u00e8ve s\u2019approprierait ses r\u00e8gles de fonctionnement. C\u2019est d\u00e8s la troisi\u00e8me le\u00e7on que certains \u00e9l\u00e8ves l\u2019utilisent suivant leurs besoins. Cet \u00e9tayage de la conception serait le r\u00e9sultat de la combinaison des r\u00e8gles libres du cahier de laboratoire avec celles plus structurantes du cahier des charges. De plus, il semblerait que le clivage entre ces deux outils augmenterait le potentiel du cahier des charges en offrant \u00e0 l\u2019\u00e9l\u00e8ve un espace de r\u00e9flexion et de formulation du savoir. En conclusion de cette recherche,les donn\u00e9es r\u00e9colt\u00e9es sembleraient indiquer que le cahier d\u2019atelier a tout pour faire partie de la famille des outils disponibles pour les enseignants afin de guider l\u2019\u00e9l\u00e8ve sur le chemin de l\u2019apprentissage de la conception et de l\u2019anticipation.<\/p>\n\n\n\n<p><strong>F2 &#8211; <em>La trace \u00ab picturale\/mat\u00e9rielle\/scripturale \u00bb, un objet pour apprendre et \u00e0 apprendre au d\u00e9but de la scolarit\u00e9<\/em><\/strong> &#8211; Christine Riat, Haute \u00e9cole p\u00e9dagogique BEJUNE.<\/p>\n\n\n\n<p>En d\u00e9but de scolarit\u00e9, les \u00e9changes sont prioritairement oraux, quand bien m\u00eame l\u2019enseignant partage avec les jeunes \u00e9l\u00e8ves des objets(ic\u00f4ne ou simulacre) pour soutenir cette oralit\u00e9 (par ex : album illustr\u00e9 et ses personnages ; personnages 3D repr\u00e9sentant des quantit\u00e9s). Pour autant, malgr\u00e9 cette id\u00e9e iconique (Leutenegger, 2008), la classe fait-elle semblant de travailler autour d\u2019un r\u00e9cit ou du nombre ?<\/p>\n\n\n\n<p>D\u2019autre part, l\u2019enseignant prend souvent les notes pour m\u00e9moire de la classe, suppl\u00e9ant ce que les jeunes \u00e9l\u00e8ves ne savent pas encore faire, \u00e0 savoir \u00e9laborer et conserver une trace \u00e9crite conventionnelle (de l\u2019histoire invent\u00e9e, du nombre d\u2019\u00e9l\u00e8ves pr\u00e9sents dans la classe). Progressivement, \u00e9l\u00e8ves et enseignant, dans une action didactique conjointe, partagent des responsabilit\u00e9s par des dessins, des tentatives d\u2019\u00e9criture, donnant aux jeunes \u00e9l\u00e8ves un \u00abd\u00e9ploiement d\u2019un pouvoir sur\u00bble monde (Bautier, 2008). Avec l\u2019enseignant, l\u2019enfant\/\u00e9l\u00e8ve s\u2019assujettit \u00e0 de nouveaux modes de pens\u00e9e et de raisonnement (Amigues &amp; Zerbato-Poudou, 2007) que les objets scolaires sous-tendent.<\/p>\n\n\n\n<p>Comment la transformation \u00ab oral \u2013 \u00e9crit \u00bb apparait-elle et par qui est-elle assum\u00e9e, sachant que la trace \u00e9crite norm\u00e9e (alphab\u00e9tique ou num\u00e9rique) deviendra \u00e0 long terme objet \u00e0 apprendre et pour apprendre \u00e0 saisir une situation de communication potentiellement appr\u00e9hendable dans un collectif plus large que la classe ? Cette contribution se penche sur les modalit\u00e9s de co-construction et de partage de responsabilit\u00e9s (Ligozat, 2016) pour \u00e9laborer des traces en tant qu\u2019ic\u00f4nes de l\u2019activit\u00e9 orale dans une comparaison Fran\u00e7ais et Math\u00e9matiques.<\/p>\n\n\n\n<p>Corpus et m\u00e9thodologie<\/p>\n\n\n\n<p>Les r\u00e9sultats sont issus de l\u2019analyse de deux s\u00e9quences film\u00e9es coutumi\u00e8res chez les 4-5 ans : une histoire invent\u00e9e et le comptage des pr\u00e9sents. Nous croisons des outils de la didactique du Fran\u00e7ais, ici l\u2019entr\u00e9e par le syst\u00e8me r\u00e9cit-personnages (Cordeiro, 2014) et ceux de la didactique des Maths avec focalisation sur l\u2019\u00e9num\u00e9ration (Briand, 2007) \u00e0 ceux de la didactique compar\u00e9e (triplet des gen\u00e8ses, Chevallard, 1985\/1991). Nous mettons en \u00e9vidence une succession d\u2019objets simulacres du langage oral aboutissant progressivement \u00e0 l\u2019utilisation d\u2019un code culturellement norm\u00e9, en l\u2019occurrence une phrase \u00e9crite d\u2019une partie de l\u2019histoire invent\u00e9e (Fran\u00e7ais) et un plan sur lequel figure des chiffres pour m\u00e9moire de quantit\u00e9 et de position (Math). Nous montrons qui assume les diff\u00e9rentes t\u00e2ches de transformation de l\u2019objet. Les \u00e9l\u00e8ves sont sensibilis\u00e9s aux diff\u00e9rents \u00e9tats d\u2019existence d\u2019un objet (original, ic\u00f4ne, simulacre), \u00e0 savoir l\u2019oralit\u00e9 et sa transformation. En effet, l\u2019objet pour apprendre enveloppe l\u2019id\u00e9e d\u2019un objet forc\u00e9ment un et multiple, \u00e0 la fois diff\u00e9rent mais identique puisque r\u00e9f\u00e9rant. L\u2019\u00e9laboration et le r\u00e9investissement des traces para\u00eet \u00e9galement au centre de l\u2019action conjointe enseignant-\u00e9l\u00e8ves-savoir, autrement dit la conservation d\u2019une trace des actions et r\u00e9flexions pass\u00e9es pour mieux y revenir.<\/p>\n\n\n\n<p><strong>F3 &#8211; <em>Objets et traces d\u2019activit\u00e9 dans un dispositif universitaire de sensibilisation \u00e0 l\u2019esprit d\u2019entreprendre : repr\u00e9sentations, mises en r\u00e9cit et figures de l\u2019entrepreneur<\/em><\/strong> &#8211; Brigitte Pezon, Universit\u00e9 de Lille, CIREL\/Profeor.<\/p>\n\n\n\n<p>La figure arch\u00e9typale de l\u2019entrepreneur est associ\u00e9e \u00e0 deux repr\u00e9sentations distinctes et compl\u00e9mentaires, celle du b\u00e2tisseur et celle de l\u2019explorateur. Quand le XVIII si\u00e8cle d\u00e9signait l\u2019entrepreneur comme celui qui \u00e9difie un ouvrage (Boutinet 2018), le XXI si\u00e8cle \u00e9non\u00e7ait l\u2019entrepreneuriat comme la derni\u00e8re des aventures encore possibles (Ma\u00eetre). Cet article se penche sur la question des objets impliqu\u00e9s dans une approche p\u00e9dagogie par projet qui sensibilisent \u00e0 l\u2019esprit d\u2019entreprendre ; \u00e0 travers les objets produits pour apprendre \u00e0 Entreprendre, il revisite ces deux grandes figures d\u2019un entrepreneur innovateur \u00abvisionnaire\u00bb.<\/p>\n\n\n\n<p>A partir de l\u2019\u00e9tude empirique d\u2019un dispositif de sensibilisation \u00e0 l\u2019entrepreneuriat des \u00e9tudiants de l\u2019Universit\u00e9 d\u2019Evry Val d\u2019Essonne (300 \u00e9tudiants de licence sur un th\u00e8me \u00abH\u00f4pital du futur\u00bb), nous \u00e9tudions les objets produits par eux. Objets t\u00e9moins de la transformation de l\u2019id\u00e9e en projet port\u00e9 par des \u00e9quipes d\u2019\u00e9tudiants autour de d\u00e9fis, le \u00ab poster \u00bb et le \u00ab pitch \u00bb sont des mises en r\u00e9cit incontournables. Du \u00ab canevas \u00bb mod\u00e9lisation du mod\u00e8le d\u2019affaires en amont lors de l\u2019apprentissage, cette communication se propose d\u2019\u00e9tudier plus sp\u00e9cifiquement ce qui est produit en aval, car posters et pitches (par l\u2019observation d\u2019actions textuels et films) mettent en lumi\u00e8re le processus de transformation de l\u2019id\u00e9e au projet et t\u00e9moignent des comp\u00e9tences entrepreneuriales acquises au cours de cet apprentissage. Les apports th\u00e9oriques se feront autour des dispositifs d\u2019apprentissage probl\u00e8me-action en lien avec la th\u00e9orie de l\u2019entreprise comme projet, et la th\u00e9orie de l\u2019action collective fond\u00e9e sur le projet.<\/p>\n\n\n\n<p>Nous partons des quatre principes p\u00e9dagogiques f\u00e9d\u00e9rateurs identifi\u00e9s par C. Verzat et O. Toutain (2015) \u00e0 partir de la litt\u00e9rature sur le champ de l\u2019\u00e9ducation en entrepreneuriat : l\u2019apprentissage exp\u00e9rientiel, la responsabilisation, l\u2019apprentissage collaboratif, la r\u00e9flexivit\u00e9. L\u2019article se structure alors autour de deux questionnements dans la pratique enseignante :<\/p>\n\n\n\n<ul>\n<li>Comment fonctionnent ces objets m\u00e9diateurs de la mise en r\u00e9cit du projet entrepreneurial ?<\/li>\n\n\n\n<li>Quel est le r\u00f4le de ces objets dans le conflit socio cognitif (Piaget, Vigotsky, Bruner) &#8211; de l\u2019\u00e9mergence de jeux de coop\u00e9ration du collectif \u00e9quipe projet aux dynamiques entrepreneuriales ?<\/li>\n<\/ul>\n\n\n\n<p>Ces deux questions permettent de pr\u00e9ciser l\u2019usage et la fonction de l\u2019objet, et son r\u00f4le dans la construction de la repr\u00e9sentation de l\u2019entrepreneur. La conclusion porte sur les enjeux p\u00e9dagogiques autour de ces objets de l\u2019apprendre \u00e0 entreprendre, objets con\u00e7us dans l\u2019action collective en tant que construction conjointe des savoirs et des relations.<\/p>\n\n\n\n<p>\u00c0 travers nos r\u00e9sultats nous interrogerons une troisi\u00e8me repr\u00e9sentation de l\u2019entrepreneur qui prolonge la r\u00e9flexion sur certains dispositifs de sensibilisation (S. Bureau, 2013) : celle de l\u2019entrepreneur artisan-artiste, du Bauhaus aux Hackers Spaces (M. Lallement, 2015).<\/p>\n\n\n\n<p>Cette contribution traite des objets, langages et modes de pens\u00e9e en posant la question des enjeux pour enseigner et apprendre.<\/p>\n\n\n\n<p><strong>F4 &#8211; <em>De l\u2019objet de l\u2019auto\u00e9valuation au sujet apprenant<\/em><\/strong> &#8211; Sylvie Gruber Jost, Universit\u00e9 de Strasbourg, LISEC.<\/p>\n\n\n\n<p>Cette recherche empirique s\u2019est int\u00e9ress\u00e9e \u00e0 la pratique r\u00e9guli\u00e8re de l\u2019auto\u00e9valuation des comp\u00e9tences attendues dans un contexte scolaire primaire. Elle s\u2019est d\u00e9roul\u00e9e en deux temps. Il y a d\u2019abord eu une exp\u00e9rimentation \u00e0 l\u2019aide d\u2019un outil num\u00e9rique d\u2019auto\u00e9valuation MAENA\u2019Scol avec des \u00e9l\u00e8ves de CE1, CM1 et CM2 pour lequel la lecture \u00e9tait un pr\u00e9-requis. Dans un deuxi\u00e8me temps cette recherche s\u2019est interrog\u00e9e sur la capacit\u00e9 des enfants identifi\u00e9s en grande difficult\u00e9 scolaire et suivis par le R.A.S.E.D. \u00e0 s\u2019auto\u00e9valuer. L\u2019outil utilis\u00e9 alors \u00e9tait un support papier imag\u00e9.<\/p>\n\n\n\n<p>L\u2019approche \u00e9mique d\u00e9fendue dans cette recherche a permis de mener des entretiens en focus group apr\u00e8s plusieurs semaines d\u2019utilisation hebdomadaire et d\u2019analyser la perception des \u00e9l\u00e8ves concernant la pratique de l\u2019auto\u00e9valuation. Il ne s\u2019agit pas de comparer les deux outils, mais bien de comprendre les effets d\u2019une pratique r\u00e9guli\u00e8re de l\u2019auto\u00e9valuation au niveau des acteurs de la classe.<\/p>\n\n\n\n<p>La mise en mot de cette pratique semble jou\u00e9 un r\u00f4le essentiel, que l\u2019outil soit num\u00e9rique ou non. L\u2019objet de l\u2019auto\u00e9valuation permet aux trois acteurs principaux, l\u2019enfant, l\u2019enseignant et le savoir, de se rencontrer. C\u2019est un catalyseur dans le processus autopo\u00ef\u00e9tique d\u00e9velopp\u00e9 par Vieille-Grosjean (2009). L\u2019objet tout seul n\u2019existe pas, il devient vecteur sous l\u2019influence du sujet, qu\u2019il soit enseignant ou \u00e9l\u00e8ve. Les r\u00e9sultats des entretiens et de l\u2019observation participante de cette recherche exploratoire ont mis en lumi\u00e8re les \u00e9l\u00e9ments d\u2019un apprentissage d\u00e9fensif tel que Holzkamp (1993) l\u2019avait \u00e9nonc\u00e9, ainsi qu\u2019une communication pi\u00e9g\u00e9e (Houssaye, 2008).<\/p>\n\n\n\n<p>L\u2019objet de l\u2019auto\u00e9valuation s\u2019est heurt\u00e9e au paradigme de l\u2019\u00e9valuation sur lequel repose tout le syst\u00e8me scolaire jusqu\u2019\u00e0 l\u2019\u00e9cole maternelle (Marcel, 2005). Mais parce que l\u2019enseignant peut s\u2019inscrire dans un \u00abagir social et \u00e9thique\u00bb (Hadji, 2012, p.186), il peut lutter contre la dominance de l\u2019\u00e9valuation. Etsi l\u2019\u00e9valuation rel\u00e8ve de la norme, l\u2019auto\u00e9valuation rel\u00e8ve de l\u2019\u00e9thique et doit s\u2019inscrire dans le paradigme de la p\u00e9dagogique;sa mise en \u0153uvre peut alors devenir un espace de libert\u00e9, de cr\u00e9ation et d\u2019\u00e9mancipation: un processus lib\u00e9ratoire pour l\u2019enseignant et un processus lib\u00e9rateur pour l\u2019\u00e9l\u00e8ve. L\u2019enseignant se d\u00e9gage d\u2019une responsabilit\u00e9 unique de l\u2019apprentissage et de l\u2019acquisition des comp\u00e9tences parce que l\u2019\u00e9l\u00e8ve peut y prendre part. Parall\u00e8lement, l\u2019\u00e9l\u00e8ve se lib\u00e8re des contraintes d\u2019une r\u00e9ponse suppos\u00e9e attendue de l\u2019enseignant, l\u2019\u00e9l\u00e8ve s\u2019\u00e9mancipe. L\u2019\u00e9l\u00e8ve peut ainsi passer d\u2019un \u00eatre enseign\u00e9 \u00e0 un \u00eatre apprenant et tendre vers un apprentissage expansif (Holzkamp, 1993).<\/p>\n\n\n<p><iframe loading=\"lazy\" src=\"https:\/\/webtv.u-picardie.fr\/player\/embed_player.php?vid=A33N5AWSB5M3&amp;width=540&amp;height=304&amp;autoplay=yes\" allowfullscreen=\"\" width=\"540\" height=\"304\" frameborder=\"0\"><\/iframe><\/p>\n\n\n\n<p><\/p>\n\n\n\n<p><strong>F5 &#8211; <em>La copie d\u2019\u00e9l\u00e8ve, un objet pour apprendre et enseigner<\/em><\/strong> &#8211; H\u00e9l\u00e8ne Savin, ESPE de Grenoble.<\/p>\n\n\n\n<p>L\u2019objet que nous \u00e9voquerons est la copie d\u2019\u00e9l\u00e8ve. Cette derni\u00e8re fournit une trace de l\u2019\u00e9crit scolaire de l\u2019\u00e9l\u00e8ve. Si l\u2019\u00e9crit scolaire est norm\u00e9, c\u2019est-\u00e0-dire qu\u2019il suppose un cadre et des attendus, il r\u00e9v\u00e8le n\u00e9anmoins la strat\u00e9gie discursive de l\u2019\u00e9l\u00e8ve \u00e0 l\u2019\u00e9crit, qu\u2019il s\u2019agisse d\u2019une strat\u00e9gie consciente ou inconsciente. Nous proposons d\u2019analyser deux s\u00e9ries de 48 copies pour mettre en valeur les strat\u00e9gies discursives des \u00e9l\u00e8ves \u00e0 l\u2019\u00e9crit. En quoi la copie d\u2019\u00e9l\u00e8ve peut-elle \u00eatre un objet pour apprendre ? Pour enseigner ? L\u2019examen approfondi des copies d\u2019\u00e9l\u00e8ve peut permettre \u00e0 l\u2019enseignant d\u2019en apprendre davantage sur les strat\u00e9gies particuli\u00e8res utilis\u00e9es par ses \u00e9l\u00e8ves. La copie est alors un objet pour apprendre, b\u00e9n\u00e9fique \u00e0 l\u2019enseignant. De plus, constituer un corpus \u00e0 partir des productions \u00e9crites des \u00e9l\u00e8ves est propre \u00e0 amener une r\u00e9flexion sur la langue en classe. La copie est alors un objet pour apprendre, b\u00e9n\u00e9fique \u00e0 l\u2019\u00e9l\u00e8ve. Enfin, si l\u2019utilisation des copies d\u2019\u00e9l\u00e8ve permet d\u2019objectiver les strat\u00e9gies discursives mobilis\u00e9es, la prise de recul qui en r\u00e9sulte peut \u00eatre mis \u00e0 profit pour enseigner aux \u00e9l\u00e8ves les strat\u00e9gies les plus efficaces. Ainsi, l\u2019enseignant, une fois qu\u2019ont \u00e9t\u00e9 identifi\u00e9es les strat\u00e9gies d\u2019\u00e9criture mobilis\u00e9es par les \u00e9l\u00e8ves, peut, \u00e0 partir d\u2019elles construire son propre enseignement. Ce faisant, il peut faire \u00e9voluer l\u2019\u00e9crit scolaire, et au-del\u00e0, le rapport \u00e0 l\u2019\u00e9crit. La copie est alors un objet pour enseigner. La communication prendra la forme d\u2019un t\u00e9moignage questionn\u00e9. Ce t\u00e9moignage s\u2019appuiera sur l\u2019analyse d\u2019un extrait du corpus de notre th\u00e8se, de productions d\u2019\u00e9crits de lyc\u00e9ens. Avant d\u2019\u00e9voquer le corpus, nous pr\u00e9cisons en quelques mots notre travail de recherche. Il s\u2019inscrit dans la comp\u00e9tence \u00ab \u00e9crire \u00bb et porte sur la question de l\u2019anaphore. Nous formulons l\u2019hypoth\u00e8se que le correcteur en consid\u00e9rant les productions d\u2019\u00e9crit des apprenants comme des textes, en adoptant une posture de lecteur, pourra mettre en exergue certains des fonctionnements de l\u2019anaphore et permettre aux apprenants de conforter et de faire \u00e9voluer leurs pratiques d\u2019\u00e9criture. C\u2019est pourquoi, nous analysons les capacit\u00e9s des apprenants \u00e0 mobiliser l\u2019anaphore en situation de production d\u2019\u00e9crits. Nous nous questionnons en m\u00eame temps sur la posture de l\u2019enseignant, en cherchant \u00e0 savoir si une posture de lecteur permet de mieux explorer les \u00e9crits de ces derniers.<\/p>\n\n\n\n<p>Ainsi, la copie est un objet central, et ce \u00e0 la fois pour l\u2019apprenant et pour l\u2019enseignant. Nous pouvons revenir \u00e0 pr\u00e9sent au corpus de notre th\u00e8se. Il est compos\u00e9 de copies d\u2019\u00e9l\u00e8ves (lyc\u00e9e, classe de seconde, fran\u00e7ais). Nous avons recueilli cinq types d\u2019\u00e9crits diff\u00e9rents : un article de presse, un incipit, un questionnaire de lecture compr\u00e9hension, une r\u00e9ponse \u00e0 une question sur le corpus (exercice type baccalaur\u00e9at) et une partie de commentaire r\u00e9dig\u00e9e (exercice type baccalaur\u00e9at). Pour chacun des types, nous avons 48 copies, ou moins selon les absences d\u2019\u00e9l\u00e8ves. Nous annotons les copies et confrontons les analyses pour les diff\u00e9rents types de textes. En l\u2019\u00e9tat de notre recherche et pour r\u00e9pondre \u00e0 la probl\u00e9matique du colloque, nous limiterons donc l\u2019extrait du corpus \u00e0 deux types d\u2019\u00e9crits \u00e0 savoir l\u2019article de presse comme \u00e9criture d\u2019invention, et la r\u00e9ponse \u00e0 une question sur le corpus comme exercice norm\u00e9 de type baccalaur\u00e9at. Ainsi, en nous centrant sur les questions que pose la gestion de l\u2019anaphore \u00e0 l\u2019\u00e9crit, nous pourrons montrer que la copie (\u00e9crire, objet \u00e0 apprendre &#8211; \u00e9l\u00e8ve) r\u00e9v\u00e8le les capacit\u00e9s et comp\u00e9tences de l\u2019apprenant (\u00e9valuer, objet \u00e0 apprendre &#8211; enseignant), permet \u00e0 l\u2019enseignant de mettre en exergue la strat\u00e9gie d\u2019\u00e9criture et d\u2019envisager une s\u00e9ance ou un moment de langue (temps commun, objet pour apprendre &#8211; \u00e9l\u00e8ve et enseignant) en retour.<\/p>\n\n\n\n<p>L\u2019objet &#8211; copie est donc complexe ; un objet \u00e0 apprendre et pour apprendre, \u00e0 la fois pour l\u2019enseignant.<\/p>\n\n\n\n<p>Le domaine d\u2019enseignement concern\u00e9 est la langue \u00e0 l\u2019\u00e9crit, et plus pr\u00e9cis\u00e9ment le lexique &#8211; l\u2019anaphore pour la coh\u00e9sion textuelle.<\/p>\n\n\n<p><iframe loading=\"lazy\" src=\"https:\/\/webtv.u-picardie.fr\/player\/embed_player.php?vid=6GAXUSSX6M37&amp;width=540&amp;height=304&amp;autoplay=yes\" allowfullscreen=\"\" width=\"540\" height=\"304\" frameborder=\"0\"><\/iframe><\/p>\n\n\n\n<p><\/p>\n\n\n\n<p><strong>F6 &#8211; <em>Cr\u00e9ation d\u2019une s\u00e9quence de cours informatis\u00e9e pour reporter des r\u00e9sultats exp\u00e9rimentaux avec la pr\u00e9cision ad\u00e9quate<\/em><\/strong> &#8211; C\u00e9line Picron, Universit\u00e9 de Namur.<\/p>\n\n\n\n<p>Les activit\u00e9s exp\u00e9rimentales poursuivent divers objectifs d\u2019apprentissage dont celui de savoir reporter des r\u00e9sultats exp\u00e9rimentaux avec la pr\u00e9cision ad\u00e9quate. En premi\u00e8re ann\u00e9e d\u2019\u00e9tudes sup\u00e9rieures dans un domaine scientifique, cet apprentissage d\u00e9bute g\u00e9n\u00e9ralement par l\u2019enseignement de r\u00e8gles \u00e0 appliquer. Malgr\u00e9 l\u2019it\u00e9ration de leur usage lors des diff\u00e9rentes s\u00e9ances de laboratoire, les \u00e9tudiants ont des difficult\u00e9s \u00e0 les respecter, comme report\u00e9 dans divers articles (Guare, 1991 ; Satek, 1977 ; Treptow, 1980). Pour favoriser l\u2019acquisition des notions n\u00e9cessaires \u00e0 l\u2019\u00e9criture de r\u00e9sultats avec une pr\u00e9cision ad\u00e9quate, une s\u00e9quence de cours en ligne compos\u00e9e de 6 vid\u00e9os, d\u2019exercices et de 2 fiches a \u00e9t\u00e9 cr\u00e9\u00e9e sur une plateforme de cours.Elle a \u00e9t\u00e9 construite sur base d\u2019une analyse a priori r\u00e9alis\u00e9e \u00e0 l\u2019aide d\u2019un test aupr\u00e8s d\u2019\u00e9tudiants et d\u2019entretiens d\u2019explicitations. Les donn\u00e9es recueillies ont permis de cat\u00e9goriser les difficult\u00e9s et de r\u00e9v\u00e9ler le manque de sens, pour les \u00e9tudiants,des r\u00e8gles \u00e9nonc\u00e9es.Les vid\u00e9os ont \u00e9t\u00e9 faites sur base de quatre crit\u00e8res \u00e9tablis par Kay (2014): le contexte doit \u00eatre signifiant, les explications claires, la charge cognitive minimis\u00e9e et les param\u00e8tres propices \u00e0 l\u2019engagement des \u00e9tudiants. De plus, elles poursuivent chacune un ou des objectifs particuliers tels que:<\/p>\n\n\n\n<ul>\n<li>Exposer et illustrer les concepts d\u2019incertitude et de pr\u00e9cision;-Enoncer, donner du sens aux r\u00e8gles et les illustrer ;<\/li>\n\n\n\n<li>Expliciter certaines notions propres \u00e0 l\u2019application des r\u00e8gles comme, par exemple, celle de chiffre significatif ;<\/li>\n\n\n\n<li>Faire des remarques particuli\u00e8res li\u00e9es \u00e0 des erreurs lors de l\u2019application des r\u00e8gles ;<\/li>\n\n\n\n<li>Pr\u00e9senter une m\u00e9thode \u00e0 appliquer.<\/li>\n<\/ul>\n\n\n\n<p>Toutes les vid\u00e9os ont, comme point de d\u00e9part de leur conception, une difficult\u00e9 constat\u00e9e lors des tests et\/ou exprim\u00e9e lors des entretiens d\u2019explicitation.<\/p>\n\n\n\n<p>Les questions de recherche concernent cette s\u00e9quence de cours :<\/p>\n\n\n\n<ul>\n<li>La s\u00e9quence de cours rend-elle bien compte des diff\u00e9rents objectifs didactiques et p\u00e9dagogiques, selon l\u2019avis d\u2019encadrants impliqu\u00e9s dans l\u2019enseignement de ce sujet ? Les attentes pr\u00e9suppos\u00e9es du parcours sont-elles remplies ?<\/li>\n\n\n\n<li>La s\u00e9quence de cours cr\u00e9\u00e9e a-t-elle un impact sur les erreurs commises lors de l\u2019application des r\u00e8gles permettant de transcrire des r\u00e9sultats exp\u00e9rimentaux avec une pr\u00e9cision ad\u00e9quate?<\/li>\n<\/ul>\n\n\n\n<p>M\u00e9thodologie<\/p>\n\n\n\n<p>Les vid\u00e9os ont \u00e9t\u00e9 une premi\u00e8re fois visualis\u00e9es, entre octobre et novembre 2017, par 22 personnes impliqu\u00e9es dans l\u2019encadrement d\u2019\u00e9tudiants de l\u2019enseignement sup\u00e9rieur et enseignant les r\u00e8gles permettant de restituer un r\u00e9sultat avec une pr\u00e9cision ad\u00e9quate, afin de collecter leurs avis et remarques. Parmi ces participants, il y a deux charg\u00e9s de cours en chimie, treize doctorants en chimie, deux encadrants en physique dans le domaine universitaire et sept encadrants dans des domaines scientifiques travaillant dans une haute \u00e9cole. Leurs opinions ont \u00e9t\u00e9 r\u00e9colt\u00e9es par \u00e9crit. Les participants ont exprim\u00e9 leurs avis en compl\u00e9tant des items selon une \u00e9chelle de Likert comprenant 4 choix (Pas du tout d\u2019accord \u2013 Pas d\u2019accord \u2013 D\u2019accord \u2013 Tout \u00e0 fait d\u2019accord) et se rapportant \u00e0 chaque objectif poursuivi dans les vid\u00e9os. A aucun moment ils n\u2019ont eu acc\u00e8s aux r\u00e9sultats de l\u2019analyse a priori. Au travers du questionnaire, nous avons recueilli leur avis d\u2019encadrant, leur ressenti quant \u00e0 la d\u00e9marche employ\u00e9e dans les vid\u00e9os pour pr\u00e9senter les concepts et notions. Ainsi, pour la premi\u00e8re vid\u00e9o, ils ont d\u00fb s\u2019exprimer sur les objectifs suivants :<\/p>\n\n\n\n<ul>\n<li>\u00c9tablir clairement le lien entre la notion de mesure et d\u2019incertitude ;<\/li>\n\n\n\n<li>Clarifier la fa\u00e7on de proc\u00e9der \u00e0 une lecture correcte d\u2019un appareil de mesure ;<\/li>\n\n\n\n<li>Expliquer clairement la proc\u00e9dure pour restituer des r\u00e9sultats de mesure de mani\u00e8re ad\u00e9quate ;<\/li>\n<\/ul>\n\n\n\n<p>Les encadrants ont aussi eu l\u2019occasion, pour chacune des vid\u00e9os, d\u2019exprimer librement leur avis en r\u00e9digeant des commentaires \u00e9ventuels.L\u2019analyse des r\u00e9ponses a permis d\u2019apporter de l\u00e9g\u00e8res modifications et de valider, du point de vue des encadrants, la s\u00e9quence de cours.<\/p>\n\n\n\n<p>Le public cible est compos\u00e9 d\u2019\u00e9tudiants inscrits en premi\u00e8re ann\u00e9e d\u2019\u00e9tudes en sciences pharmaceutiques et biom\u00e9dicales. En 2017, un test a \u00e9t\u00e9 r\u00e9alis\u00e9 aupr\u00e8s de 165 \u00e9tudiants dans un contexte de laboratoire, avant la mise en place de la s\u00e9quence. Ils ont fait les m\u00eames op\u00e9rations math\u00e9matiques que lors d\u2019une des activit\u00e9s exp\u00e9rimentales r\u00e9alis\u00e9e pr\u00e9c\u00e9demment dans le cursus. Les valeurs impliqu\u00e9es sont similaires \u00e0 celles qu\u2019ils ont obtenues. Suite \u00e0 l\u2019analyse de ces tests, une s\u00e9rie d\u2019entretiens d\u2019explicitation a \u00e9t\u00e9 men\u00e9e avec des \u00e9tudiants volontaires. Cela a permis de cat\u00e9goriser les erreurs et les difficult\u00e9s aff\u00e9rentes. En septembre 2018, la s\u00e9quence a \u00e9t\u00e9 propos\u00e9e \u00e0 363 \u00e9tudiants via une plateforme de cours sur Moodle. Le m\u00eame test que celui qui a \u00e9t\u00e9 r\u00e9alis\u00e9 en 2017 a \u00e9t\u00e9 effectu\u00e9 par environ 100 \u00e9tudiants en 2018-2019, suite \u00e0 la mise en place du parcours.<\/p>\n\n\n\n<p>Quelle que soit l\u2019ann\u00e9e scolaire, l\u2019analyse des tests s\u2019est faite en listant les erreurs effectu\u00e9es en fonction de l\u2019op\u00e9ration math\u00e9matique r\u00e9alis\u00e9e. Les erreurs sont ensuite replac\u00e9es dans les cat\u00e9gories de difficult\u00e9s recens\u00e9es lors de l\u2019analyse a priori.<\/p>\n\n\n<p><iframe loading=\"lazy\" src=\"https:\/\/webtv.u-picardie.fr\/player\/embed_player.php?vid=5RDKHRSW85GR&amp;width=540&amp;height=304&amp;autoplay=yes\" allowfullscreen=\"\" width=\"540\" height=\"304\" frameborder=\"0\"><\/iframe><\/p>\n\n\n\n<p><\/p>\n\n\n\n<p><strong>F7 &#8211; <em>Co-construire un objet scolaire pour instituer une pratique scientifique avec les jeunes \u00e9l\u00e8ves : quelles conditions ?<\/em><\/strong> &#8211; Corinne Marlot, Haute \u00e9cole p\u00e9dagogique du canton de Vaud ; Christine Riat, Haute \u00e9cole p\u00e9dagogique BEJUNE ; Patrick Roy, Haute \u00e9cole p\u00e9dagogique du canton de Fribourg ; Florence Ligozat, Universit\u00e9 de Gen\u00e8ve.<\/p>\n\n\n\n<p>Cette contribution s\u2019int\u00e9resse aux modalit\u00e9s d\u2019entr\u00e9e dans la culture scientifique des jeunes \u00e9l\u00e8ves. Cette acculturation peut s\u2019envisager comme un apprentissage dans l\u2019usage, de mani\u00e8res de penser, parler, lire, \u00e9crire et agir dans le cadre d\u2019une communaut\u00e9 discursive disciplinaire scolaire (Berni\u00e9, 2002). Ainsi, de notre point de vue, entrer dans la culture scientifique, c\u2019est s\u2019approprier un ensemble de pratiques qui visent \u00e0 comprendre le fonctionnement du monde qui nous entoure, pour mieux d\u00e9ployer ses propres actions dans ce monde, \u00e0 la fois au plan individuel et au plan collectif. Cet ensemble de pratiques repose sur des manipulations d\u2019objets mat\u00e9riels, symboliques et langagiers qui s\u2019organisent selon une grammaire propre \u00e0 l\u2019enqu\u00eate scientifique. Quels sont alors les types d\u2019objets qui sont convoqu\u00e9s dans les premiers enseignements scientifiques, et comment les \u00e9l\u00e8ves sont-ils amen\u00e9s \u00e0 construire un rapport propre \u00e0 l\u2019enqu\u00eate scientifique ? Le processus de double s\u00e9miotisation (Schneuwly, 2000), qui caract\u00e9rise l\u2019articulation entre la pr\u00e9sentation des savoirs en jeu et la focalisation de l\u2019attention des \u00e9l\u00e8ves sur les dimensions essentielles de ces savoirs, nous semble un bon candidat pour comprendre comment, au travers de la mobilisation d\u2019objets plus ou moins scolaires, s\u2019organise cette focalisation et s\u2019institue une pratique scientifique.<\/p>\n\n\n\n<p>Corpus et m\u00e9thodologie<\/p>\n\n\n\n<p>Nous exposons les r\u00e9sultats de l\u2019analyse d\u2019une s\u00e9quence d\u2019enseignement dont l\u2019objectif consiste \u00e0 caract\u00e9riser le vivant par l\u2019une de ses fonctions, la croissance. Les s\u00e9ances ont \u00e9t\u00e9 film\u00e9es et analys\u00e9es en croisant des outils de la didactique des sciences (\u00e9volution du statut des objets selon les moments de la d\u00e9marche scientifique : Bisault et Rebiff\u00e9, 2011 et selon la th\u00e9orie des 2 mondes : Tiberghien &amp; Vince, 2005) et des outils de la didactique compar\u00e9e (postures et configurations topog\u00e9n\u00e9tiques : Riat 2017 ; Marlot, 2014 ; Ligozat 2015). L\u2019analyse didactique nous a permis de rep\u00e9rer un objet particulier sur lequel se focalise l\u2019attention des \u00e9l\u00e8ves et de l\u2019enseignant: il s\u2019agit de l\u2019affiche d\u00e9crivant le protocole exp\u00e9rimental, permettant de cristalliser un moment charni\u00e8re de l\u2019activit\u00e9 scientifique, celui de la planification en tant que phase de transition entre la probl\u00e9matisation et l\u2019investigation proprement dite. Ce syst\u00e8me s\u00e9miotique co-construit va organiser le partage des responsabilit\u00e9s entre \u00e9l\u00e8ves et enseignant, d\u2019une part et la possibilit\u00e9 d\u2019un raisonnement scientifique \u00e0 propos des besoins des v\u00e9g\u00e9taux, d\u2019autre part. L\u2019analyse topog\u00e9n\u00e9tique des actions didactiques, sur les plans langagiers, gestuels et mat\u00e9riels, nous permet de comprendre le r\u00f4le de cet objet comme (1) objet-alli\u00e9 des \u00e9l\u00e8ves favorisant une anticipation au sein de l\u2019enqu\u00eate scientifique et (2) objet-passeur en tant qu\u2019objet embl\u00e9matique d\u2019une pratique scientifique.<\/p>\n\n\n<p><iframe loading=\"lazy\" src=\"https:\/\/webtv.u-picardie.fr\/player\/embed_player.php?vid=4KBMWSDB3RXS&amp;width=540&amp;height=304&amp;autoplay=yes\" allowfullscreen=\"\" width=\"540\" height=\"304\" frameborder=\"0\"><\/iframe><\/p>\n\n\n\n<div data-wp-interactive=\"core\/file\" class=\"wp-block-file\"><object data-wp-bind--hidden=\"!state.hasPdfPreview\"  class=\"wp-block-file__embed\" data=\"https:\/\/www.u-picardie.fr\/colloqueobjet2019\/wp-content\/uploads\/2023\/07\/Marlot-Roy-Riat-Ligozat-Colloque-objets-2019.pdf\" type=\"application\/pdf\" style=\"width:100%;height:600px\" aria-label=\"Contenu embarqu\u00e9 Marlot-Roy-Riat-Ligozat-Colloque-objets-2019.\"><\/object><a id=\"wp-block-file--media-e18a26e1-c5ea-4282-a95d-36783d1a8063\" href=\"https:\/\/www.u-picardie.fr\/colloqueobjet2019\/wp-content\/uploads\/2023\/07\/Marlot-Roy-Riat-Ligozat-Colloque-objets-2019.pdf\">Marlot-Roy-Riat-Ligozat-Colloque-objets-2019<\/a><a href=\"https:\/\/www.u-picardie.fr\/colloqueobjet2019\/wp-content\/uploads\/2023\/07\/Marlot-Roy-Riat-Ligozat-Colloque-objets-2019.pdf\" class=\"wp-block-file__button wp-element-button\" download aria-describedby=\"wp-block-file--media-e18a26e1-c5ea-4282-a95d-36783d1a8063\">T\u00e9l\u00e9charger<\/a><\/div>\n\n\n\n<p><strong>F8 &#8211; <em>Verbalisation et mod\u00e9lisation du processus cr\u00e9atif lors de la cr\u00e9ation d\u2019objets techniques<\/em><\/strong> &#8211; Rachel Attanasio, Haute \u00e9cole du canton de Vaud, PIRACEF ; Marie-Dominique Lambert, PIRACEF<\/p>\n\n\n\n<p>Cette communication s\u2019inscrit dans l\u2019axe 1, \u00ab les objets en classe : entre pratique et apprentissages, quelles attentes et quels apports ? \u00bb et concentre sur la compr\u00e9hension et la mod\u00e9lisation du processus cr\u00e9atif lors de la conception et de la r\u00e9alisation d\u2019objets techniques.<\/p>\n\n\n\n<p>L\u2019activit\u00e9 de conception cr\u00e9ative se caract\u00e9rise par une phase d\u2019id\u00e9ation n\u00e9cessaire \u00e0 la production d\u2019id\u00e9es innovantes et adapt\u00e9es \u00e0 la situation (Lubart &amp; al., 2003 ; Bonnardel, 2006). Pour permettre \u00e0 l\u2019\u00e9l\u00e8ve de prendre conscience de l\u2019activit\u00e9 de r\u00e9flexion intervenant lors de la phase d\u2019id\u00e9ation, nous employons des carnets d\u2019observation du processus cr\u00e9atif (Botella &amp; Didier, 2016). La phase de recherche induit pour l\u2019\u00e9l\u00e8ve une prise de conscience des diff\u00e9rents facteurs cognitifs, conatifs, motivationnels et environnementaux du processus cr\u00e9atif mobilis\u00e9s lors de la cr\u00e9ation d\u2019un objet technique (Attanasio &amp; al., 2016). En nous appuyant sur l\u2019approche multivari\u00e9e du processus cr\u00e9atif (facteurs cognitifs, conatifs, \u00e9motionnels et environnementaux) (Lubart et al., 2003) nous tentons de mieux comprendre les diff\u00e9rentes phases qui interviennent lors de la conception et de la r\u00e9alisation d\u2019un objet technique. Ces phases impliquent des choix et des d\u00e9cisions des \u00e9l\u00e8ves confront\u00e9s \u00e0 des situations complexes. Dans le but de mieux cerner le passage de la r\u00e9alisation (registre pragmatique) \u00e0 la conscientisation (registre \u00e9pist\u00e9mique) qui participe, pour l\u2019\u00e9l\u00e8ve, \u00e0 la construction des apprentissages nous questionnons les diff\u00e9rentes phases du processus cr\u00e9atif des \u00e9l\u00e8ves. Nous proposons une analyse de la conscientisation des savoirs mobilis\u00e9s par les \u00e9l\u00e8ves en revenant sur l\u2019activit\u00e9 de recherche de l\u2019\u00e9l\u00e8ve. Nous employons dans le cadre de cette recherche une m\u00e9thodologie de recherche qualitative et quantitative.<\/p>\n\n\n\n<p>Les travaux ont \u00e9t\u00e9 men\u00e9s par une \u00e9quipe franco-suisse compos\u00e9e de Rachel Attanasio (UER AT Formation romande PIRACEF), Marie-Dominique Lambert (Formation romande PIRACEF), Marion Botella (laboratoire LATI Universit\u00e9 Paris Descartes), Marie-Dominique Lambert (Formation romande PIRACEF), John Didier (HEP Vaud Formation romande PIRACEF).<\/p>\n\n\n\n<p>R\u00e9f\u00e9rences :<br>Attanasio, R., Lambert, M-D., Botella, M., Didier, J. (2016, octobre). <em>Observation du processus cr\u00e9atif des \u00e9l\u00e8ves lors de la conception et de la r\u00e9alisation artefact<\/em>. Communication pr\u00e9sent\u00e9e au colloque La conception d\u2019un artefact : approches ergonomiques et didactiques. University of teacher education Lausanne.<br>Bonnardel, N. (2006). <em>Cr\u00e9ativit\u00e9 et conception. Approches cognitives et ergonomiques<\/em>. Marseille : Solal.<br>Botella, M., &amp; Didier, J. (2016, octobre). <em>Les \u00e9tapes du processus cr\u00e9atif selon les enseignants en activit\u00e9s cr\u00e9atrices<\/em>. Communication pr\u00e9sent\u00e9e au colloque La conception d\u2019un artefact : approches ergonomiques et didactiques. University of teacher education Lausanne.<br>Didier, J., Botella, M., Attanasio, R., Lambert, M-D. (2016, juillet). <em>Construction of notebook to observe the creative process of young students during complex solving problems in educational context<\/em>. Communication pr\u00e9sent\u00e9e au 31e congr\u00e8s international de psychologie. Universit\u00e9 de Yokohama.<br>Didier, J., &amp; Leuba, D., (2011). La conception d\u2019un objet : un acte cr\u00e9atif. <em>Prismes<\/em>, 15, 32-33.<br>Lubart, T., Mouchiroud, C., Tordjman, S., &amp; Zenasni, F. (2003). <em>Psychologie de la cr\u00e9ativit\u00e9<\/em>. Paris, France : Armand Colin.<\/p>\n","protected":false},"excerpt":{"rendered":"<p>L\u2019atelier est centr\u00e9 sur les traces engendr\u00e9es par les activit\u00e9s men\u00e9es en classe. Traces comme objet d\u2019apprentissage et comme outils de r\u00e9gulation pour l\u2019enseignant. Quels choix pour l\u2019enseignant ? Quels&#8230; <a href=\"https:\/\/www.u-picardie.fr\/colloqueobjet2019\/ateliers\/atelier-f-objets-et-traces-de-lactivite\/\">Read more &raquo;<\/a><\/p>\n","protected":false},"author":3,"featured_media":0,"parent":102,"menu_order":0,"comment_status":"closed","ping_status":"closed","template":"","meta":{"_editorskit_title_hidden":false,"_editorskit_reading_time":1,"_editorskit_is_block_options_detached":false,"_editorskit_block_options_position":"{}","footnotes":""},"_links":{"self":[{"href":"https:\/\/www.u-picardie.fr\/colloqueobjet2019\/wp-json\/wp\/v2\/pages\/139"}],"collection":[{"href":"https:\/\/www.u-picardie.fr\/colloqueobjet2019\/wp-json\/wp\/v2\/pages"}],"about":[{"href":"https:\/\/www.u-picardie.fr\/colloqueobjet2019\/wp-json\/wp\/v2\/types\/page"}],"author":[{"embeddable":true,"href":"https:\/\/www.u-picardie.fr\/colloqueobjet2019\/wp-json\/wp\/v2\/users\/3"}],"replies":[{"embeddable":true,"href":"https:\/\/www.u-picardie.fr\/colloqueobjet2019\/wp-json\/wp\/v2\/comments?post=139"}],"version-history":[{"count":23,"href":"https:\/\/www.u-picardie.fr\/colloqueobjet2019\/wp-json\/wp\/v2\/pages\/139\/revisions"}],"predecessor-version":[{"id":543,"href":"https:\/\/www.u-picardie.fr\/colloqueobjet2019\/wp-json\/wp\/v2\/pages\/139\/revisions\/543"}],"up":[{"embeddable":true,"href":"https:\/\/www.u-picardie.fr\/colloqueobjet2019\/wp-json\/wp\/v2\/pages\/102"}],"wp:attachment":[{"href":"https:\/\/www.u-picardie.fr\/colloqueobjet2019\/wp-json\/wp\/v2\/media?parent=139"}],"curies":[{"name":"wp","href":"https:\/\/api.w.org\/{rel}","templated":true}]}}