{"id":13,"date":"2021-02-11T16:00:14","date_gmt":"2021-02-11T15:00:14","guid":{"rendered":"https:\/\/www.u-picardie.fr\/colloqueobjet2019\/?page_id=13"},"modified":"2024-01-31T09:25:43","modified_gmt":"2024-01-31T08:25:43","slug":"le-colloque","status":"publish","type":"page","link":"https:\/\/www.u-picardie.fr\/colloqueobjet2019\/","title":{"rendered":"Accueil"},"content":{"rendered":"\n<p>Ce site est issu des travaux du colloque international <strong>\u00ab\u00a0OBJETS POUR APPRENDRE, OBJETS \u00c0 APPRENDRE\u00a0: quelles pratiques enseignantes pour quels enjeux ?\u00a0\u00bb<\/strong> organis\u00e9 par le <a href=\"https:\/\/www.u-picardie.fr\/unites-de-recherche\/caref\/accueil\/centre-amienois-de-recherche-en-education-et-formation-386824.kjsp\" class=\"ek-link\">Centre Ami\u00e9nois de Recherche en \u00c9ducation et Formation (CAREF)<\/a> les 11 et 12 juin 2019 \u00e0 l\u2019<a href=\"https:\/\/www.u-picardie.fr\/universite-de-picardie-jules-verne-290591.kjsp\" class=\"ek-link\">Universit\u00e9 de Picardie Jules Verne \u00e0 Amiens (France)<\/a>.<\/p>\n\n\n\n<p>Il t\u00e9moigne de la diversit\u00e9 des contributions qui ont fait la richesse de ce colloque&nbsp;: diversit\u00e9 des niveaux d\u2019enseignement concern\u00e9s, des objets \u00e9voqu\u00e9s, des domaines disciplinaires, des points de vue adopt\u00e9s, des corpus constitu\u00e9s, des d\u00e9marches et, aussi, diversit\u00e9 des rapports entre praticiens et chercheurs.<\/p>\n\n\n\n<p>Ainsi, ce site regroupe une pr\u00e9sentation du colloque, des documents qui rendent compte de l\u2019ensemble des communications en ateliers et des s\u00e9ances pl\u00e9ni\u00e8res (captations vid\u00e9o, diaporamas, textes des communications) et des r\u00e9f\u00e9rences de publications en lien avec le colloque. Enfin, quatre articles originaux &#8211; expertis\u00e9s par le Comit\u00e9 scientifique &#8211; d\u00e9veloppent le contenu de certaines communications.<\/p>\n\n\n\n<p>Les diff\u00e9rents documents r\u00e9unis sur le site sont destin\u00e9s aux chercheurs et aux professionnels de l\u2019enseignement et de la formation.<\/p>\n\n\n\n<p><\/p>\n\n\n\n<p><\/p>\n\n\n\n<p><\/p>\n\n\n\n<p><\/p>\n","protected":false},"excerpt":{"rendered":"<p>Ce site est issu des travaux du colloque international \u00ab\u00a0OBJETS POUR APPRENDRE, OBJETS \u00c0 APPRENDRE\u00a0: quelles pratiques enseignantes pour quels enjeux ?\u00a0\u00bb organis\u00e9 par le Centre Ami\u00e9nois de Recherche en&#8230; <a href=\"https:\/\/www.u-picardie.fr\/colloqueobjet2019\/\">Read more &raquo;<\/a><\/p>\n","protected":false},"author":1,"featured_media":0,"parent":0,"menu_order":0,"comment_status":"closed","ping_status":"closed","template":"page-templates\/full-width.php","meta":{"_editorskit_title_hidden":false,"_editorskit_reading_time":1,"_editorskit_is_block_options_detached":false,"_editorskit_block_options_position":"{}","footnotes":""},"_links":{"self":[{"href":"https:\/\/www.u-picardie.fr\/colloqueobjet2019\/wp-json\/wp\/v2\/pages\/13"}],"collection":[{"href":"https:\/\/www.u-picardie.fr\/colloqueobjet2019\/wp-json\/wp\/v2\/pages"}],"about":[{"href":"https:\/\/www.u-picardie.fr\/colloqueobjet2019\/wp-json\/wp\/v2\/types\/page"}],"author":[{"embeddable":true,"href":"https:\/\/www.u-picardie.fr\/colloqueobjet2019\/wp-json\/wp\/v2\/users\/1"}],"replies":[{"embeddable":true,"href":"https:\/\/www.u-picardie.fr\/colloqueobjet2019\/wp-json\/wp\/v2\/comments?post=13"}],"version-history":[{"count":13,"href":"https:\/\/www.u-picardie.fr\/colloqueobjet2019\/wp-json\/wp\/v2\/pages\/13\/revisions"}],"predecessor-version":[{"id":558,"href":"https:\/\/www.u-picardie.fr\/colloqueobjet2019\/wp-json\/wp\/v2\/pages\/13\/revisions\/558"}],"wp:attachment":[{"href":"https:\/\/www.u-picardie.fr\/colloqueobjet2019\/wp-json\/wp\/v2\/media?parent=13"}],"curies":[{"name":"wp","href":"https:\/\/api.w.org\/{rel}","templated":true}]}}